{"version":"1.0","provider_name":"Ve\u00e7 artikuj p\u00ebrmbledh\u00ebs","provider_url":"https:\/\/permbledhja.com\/sq","author_name":"DL","author_url":"https:\/\/permbledhja.com\/sq\/author\/dl\/","title":"Vazhdon procesi gjyq\u00ebsor p\u00ebr \u201cTha\u00e7in dhe t\u00eb tjer\u00ebt\u201d","type":"rich","width":600,"height":338,"html":"<blockquote class=\"wp-embedded-content\" data-secret=\"HJjDUjfxrb\"><a href=\"https:\/\/permbledhja.com\/sq\/vazhdon-procesi-gjyqesor-per-thacin-dhe-te-tjeret\/\">Vazhdon procesi gjyq\u00ebsor p\u00ebr \u201cTha\u00e7in dhe t\u00eb tjer\u00ebt\u201d<\/a><\/blockquote><iframe sandbox=\"allow-scripts\" security=\"restricted\" src=\"https:\/\/permbledhja.com\/sq\/vazhdon-procesi-gjyqesor-per-thacin-dhe-te-tjeret\/embed\/#?secret=HJjDUjfxrb\" width=\"600\" height=\"338\" title=\"\u201cVazhdon procesi gjyq\u00ebsor p\u00ebr \u201cTha\u00e7in dhe t\u00eb tjer\u00ebt\u201d\u201d &#8212; Ve\u00e7 artikuj p\u00ebrmbledh\u00ebs\" data-secret=\"HJjDUjfxrb\" frameborder=\"0\" marginwidth=\"0\" marginheight=\"0\" scrolling=\"no\" class=\"wp-embedded-content\"><\/iframe><script>\n\/*! This file is auto-generated *\/\n!function(d,l){\"use strict\";l.querySelector&&d.addEventListener&&\"undefined\"!=typeof URL&&(d.wp=d.wp||{},d.wp.receiveEmbedMessage||(d.wp.receiveEmbedMessage=function(e){var t=e.data;if((t||t.secret||t.message||t.value)&&!\/[^a-zA-Z0-9]\/.test(t.secret)){for(var s,r,n,a=l.querySelectorAll('iframe[data-secret=\"'+t.secret+'\"]'),o=l.querySelectorAll('blockquote[data-secret=\"'+t.secret+'\"]'),c=new RegExp(\"^https?:$\",\"i\"),i=0;i<o.length;i++)o[i].style.display=\"none\";for(i=0;i<a.length;i++)s=a[i],e.source===s.contentWindow&&(s.removeAttribute(\"style\"),\"height\"===t.message?(1e3<(r=parseInt(t.value,10))?r=1e3:~~r<200&&(r=200),s.height=r):\"link\"===t.message&&(r=new URL(s.getAttribute(\"src\")),n=new URL(t.value),c.test(n.protocol))&&n.host===r.host&&l.activeElement===s&&(d.top.location.href=t.value))}},d.addEventListener(\"message\",d.wp.receiveEmbedMessage,!1),l.addEventListener(\"DOMContentLoaded\",function(){for(var e,t,s=l.querySelectorAll(\"iframe.wp-embedded-content\"),r=0;r<s.length;r++)(t=(e=s[r]).getAttribute(\"data-secret\"))||(t=Math.random().toString(36).substring(2,12),e.src+=\"#?secret=\"+t,e.setAttribute(\"data-secret\",t)),e.contentWindow.postMessage({message:\"ready\",secret:t},\"*\")},!1)))}(window,document);\n<\/script>\n","thumbnail_url":"https:\/\/permbledhja.com\/wp-content\/uploads\/2024\/05\/kreret.jpg","thumbnail_width":750,"thumbnail_height":430,"description":"Vazhdon edhe sot procesi gjyq\u00ebsor n\u00eb rastin \u201cTha\u00e7i dhe t\u00eb tjer\u00ebt\u201d n\u00eb Hag\u00eb. Seanca parashihet t\u00eb zhvillohet nga ora 09:00 -16:30."}