{"version":"1.0","provider_name":"Ve\u00e7 artikuj p\u00ebrmbledh\u00ebs","provider_url":"https:\/\/permbledhja.com\/sq","author_name":"P\u00ebrmbledhja","author_url":"https:\/\/permbledhja.com\/sq\/author\/admin\/","title":"Propozohet shkarkimi i ministres s\u00eb Arsimit, Arb\u00ebrie Nagavci","type":"rich","width":600,"height":338,"html":"<blockquote class=\"wp-embedded-content\" data-secret=\"Bsbyc7XZrf\"><a href=\"https:\/\/permbledhja.com\/sq\/propozohet-shkarkimi-i-ministres-se-arsimit-arberie-nagavci\/\">Propozohet shkarkimi i ministres s\u00eb Arsimit, Arb\u00ebrie Nagavci<\/a><\/blockquote><iframe sandbox=\"allow-scripts\" security=\"restricted\" src=\"https:\/\/permbledhja.com\/sq\/propozohet-shkarkimi-i-ministres-se-arsimit-arberie-nagavci\/embed\/#?secret=Bsbyc7XZrf\" width=\"600\" height=\"338\" title=\"\u201cPropozohet shkarkimi i ministres s\u00eb Arsimit, Arb\u00ebrie Nagavci\u201d &#8212; Ve\u00e7 artikuj p\u00ebrmbledh\u00ebs\" data-secret=\"Bsbyc7XZrf\" frameborder=\"0\" marginwidth=\"0\" marginheight=\"0\" scrolling=\"no\" class=\"wp-embedded-content\"><\/iframe><script>\n\/*! This file is auto-generated *\/\n!function(d,l){\"use strict\";l.querySelector&&d.addEventListener&&\"undefined\"!=typeof URL&&(d.wp=d.wp||{},d.wp.receiveEmbedMessage||(d.wp.receiveEmbedMessage=function(e){var t=e.data;if((t||t.secret||t.message||t.value)&&!\/[^a-zA-Z0-9]\/.test(t.secret)){for(var s,r,n,a=l.querySelectorAll('iframe[data-secret=\"'+t.secret+'\"]'),o=l.querySelectorAll('blockquote[data-secret=\"'+t.secret+'\"]'),c=new RegExp(\"^https?:$\",\"i\"),i=0;i<o.length;i++)o[i].style.display=\"none\";for(i=0;i<a.length;i++)s=a[i],e.source===s.contentWindow&&(s.removeAttribute(\"style\"),\"height\"===t.message?(1e3<(r=parseInt(t.value,10))?r=1e3:~~r<200&&(r=200),s.height=r):\"link\"===t.message&&(r=new URL(s.getAttribute(\"src\")),n=new URL(t.value),c.test(n.protocol))&&n.host===r.host&&l.activeElement===s&&(d.top.location.href=t.value))}},d.addEventListener(\"message\",d.wp.receiveEmbedMessage,!1),l.addEventListener(\"DOMContentLoaded\",function(){for(var e,t,s=l.querySelectorAll(\"iframe.wp-embedded-content\"),r=0;r<s.length;r++)(t=(e=s[r]).getAttribute(\"data-secret\"))||(t=Math.random().toString(36).substring(2,12),e.src+=\"#?secret=\"+t,e.setAttribute(\"data-secret\",t)),e.contentWindow.postMessage({message:\"ready\",secret:t},\"*\")},!1)))}(window,document);\n<\/script>\n","thumbnail_url":"https:\/\/permbledhja.com\/wp-content\/uploads\/2022\/07\/Arberie-Nagavci.png","thumbnail_width":715,"thumbnail_height":415,"description":"Lideri i AAK-s\u00eb, Ramush Haradinaj, i ka b\u00ebr\u00eb thirrje s\u00ebrish kryeministrit t\u00eb vendit, Albin Kurti, q\u00eb t\u00eb b\u00ebj\u00eb zgjidhje p\u00ebr grev\u00ebn n\u00eb arsim. Haradinaj madje tha se Kurti ose duhet t\u00eb ndal\u00eb grev\u00ebn, ose duhet t\u00eb jap dor\u00ebheqje. Sipas Hardinajt, kryeministri ose duhet t\u00eb gjej\u00eb zgjidhje, menj\u00ebher\u00eb, ose duhet ta pranoj\u00eb se \u00ebsht\u00eb i paaft\u00eb [&hellip;]"}