{"version":"1.0","provider_name":"Ve\u00e7 artikuj p\u00ebrmbledh\u00ebs","provider_url":"https:\/\/permbledhja.com\/sq","author_name":"P\u00ebrmbledhja","author_url":"https:\/\/permbledhja.com\/sq\/author\/admin\/","title":"Kurti: V\u00ebshtir\u00eb \u00ebsht\u00eb q\u00eb p\u00ebrnj\u00ebher\u00eb t\u00eb zvog\u00eblohet migrimi","type":"rich","width":600,"height":338,"html":"<blockquote class=\"wp-embedded-content\" data-secret=\"tGj55W8MY5\"><a href=\"https:\/\/permbledhja.com\/sq\/kurti-veshtire-eshte-qe-pernjehere-te-zvogelohet-migrimi\/\">Kurti: V\u00ebshtir\u00eb \u00ebsht\u00eb q\u00eb p\u00ebrnj\u00ebher\u00eb t\u00eb zvog\u00eblohet migrimi<\/a><\/blockquote><iframe sandbox=\"allow-scripts\" security=\"restricted\" src=\"https:\/\/permbledhja.com\/sq\/kurti-veshtire-eshte-qe-pernjehere-te-zvogelohet-migrimi\/embed\/#?secret=tGj55W8MY5\" width=\"600\" height=\"338\" title=\"\u201cKurti: V\u00ebshtir\u00eb \u00ebsht\u00eb q\u00eb p\u00ebrnj\u00ebher\u00eb t\u00eb zvog\u00eblohet migrimi\u201d &#8212; Ve\u00e7 artikuj p\u00ebrmbledh\u00ebs\" data-secret=\"tGj55W8MY5\" frameborder=\"0\" marginwidth=\"0\" marginheight=\"0\" scrolling=\"no\" class=\"wp-embedded-content\"><\/iframe><script>\n\/*! This file is auto-generated *\/\n!function(d,l){\"use strict\";l.querySelector&&d.addEventListener&&\"undefined\"!=typeof URL&&(d.wp=d.wp||{},d.wp.receiveEmbedMessage||(d.wp.receiveEmbedMessage=function(e){var t=e.data;if((t||t.secret||t.message||t.value)&&!\/[^a-zA-Z0-9]\/.test(t.secret)){for(var s,r,n,a=l.querySelectorAll('iframe[data-secret=\"'+t.secret+'\"]'),o=l.querySelectorAll('blockquote[data-secret=\"'+t.secret+'\"]'),c=new RegExp(\"^https?:$\",\"i\"),i=0;i<o.length;i++)o[i].style.display=\"none\";for(i=0;i<a.length;i++)s=a[i],e.source===s.contentWindow&&(s.removeAttribute(\"style\"),\"height\"===t.message?(1e3<(r=parseInt(t.value,10))?r=1e3:~~r<200&&(r=200),s.height=r):\"link\"===t.message&&(r=new URL(s.getAttribute(\"src\")),n=new URL(t.value),c.test(n.protocol))&&n.host===r.host&&l.activeElement===s&&(d.top.location.href=t.value))}},d.addEventListener(\"message\",d.wp.receiveEmbedMessage,!1),l.addEventListener(\"DOMContentLoaded\",function(){for(var e,t,s=l.querySelectorAll(\"iframe.wp-embedded-content\"),r=0;r<s.length;r++)(t=(e=s[r]).getAttribute(\"data-secret\"))||(t=Math.random().toString(36).substring(2,12),e.src+=\"#?secret=\"+t,e.setAttribute(\"data-secret\",t)),e.contentWindow.postMessage({message:\"ready\",secret:t},\"*\")},!1)))}(window,document);\n<\/script>\n","thumbnail_url":"https:\/\/permbledhja.com\/wp-content\/uploads\/2023\/03\/Screenshot-2023-03-30-214133.png","thumbnail_width":1381,"thumbnail_height":834,"description":"Sonte, n\u00eb edicionin e emisionit Rubikon n\u00eb Klan Kosova, p\u00ebrball\u00eb Adriatik Kelmendit, kryeministri i Kosov\u00ebs, Albin Kurti, foli rreth qeverisjes s\u00eb tij dyvje\u00e7are. Kurti tha se \u00ebsht\u00eb e v\u00ebshtir\u00eb q\u00eb p\u00ebrnj\u00ebher\u00eb t\u00eb zvog\u00eblohet migrimi i popullsis\u00eb. \u201cNuk mundemi q\u00eb p\u00ebrnj\u00ebher\u00eb, madje as shpejt, q\u00eb migrimin ta zvog\u00eblojm\u00eb deri n\u00eb mas\u00ebn q\u00eb pun\u00ebsimi t\u00eb jet\u00eb m\u00eb [&hellip;]"}