{"version":"1.0","provider_name":"Ve\u00e7 artikuj p\u00ebrmbledh\u00ebs","provider_url":"https:\/\/permbledhja.com\/sq","author_name":"M M","author_url":"https:\/\/permbledhja.com\/sq\/author\/muhamet\/","title":"Konjufca: Gjermania mbetet partner i paz\u00ebvend\u00ebsuesh\u00ebm p\u00ebr Kosov\u00ebn","type":"rich","width":600,"height":338,"html":"<blockquote class=\"wp-embedded-content\" data-secret=\"RipA3WETRl\"><a href=\"https:\/\/permbledhja.com\/sq\/konjufca-gjermania-mbetet-partner-i-pazevendesueshem-per-kosoven\/\">Konjufca: Gjermania mbetet partner i paz\u00ebvend\u00ebsuesh\u00ebm p\u00ebr Kosov\u00ebn<\/a><\/blockquote><iframe sandbox=\"allow-scripts\" security=\"restricted\" src=\"https:\/\/permbledhja.com\/sq\/konjufca-gjermania-mbetet-partner-i-pazevendesueshem-per-kosoven\/embed\/#?secret=RipA3WETRl\" width=\"600\" height=\"338\" title=\"\u201cKonjufca: Gjermania mbetet partner i paz\u00ebvend\u00ebsuesh\u00ebm p\u00ebr Kosov\u00ebn\u201d &#8212; Ve\u00e7 artikuj p\u00ebrmbledh\u00ebs\" data-secret=\"RipA3WETRl\" frameborder=\"0\" marginwidth=\"0\" marginheight=\"0\" scrolling=\"no\" class=\"wp-embedded-content\"><\/iframe><script>\n\/*! This file is auto-generated *\/\n!function(d,l){\"use strict\";l.querySelector&&d.addEventListener&&\"undefined\"!=typeof URL&&(d.wp=d.wp||{},d.wp.receiveEmbedMessage||(d.wp.receiveEmbedMessage=function(e){var t=e.data;if((t||t.secret||t.message||t.value)&&!\/[^a-zA-Z0-9]\/.test(t.secret)){for(var s,r,n,a=l.querySelectorAll('iframe[data-secret=\"'+t.secret+'\"]'),o=l.querySelectorAll('blockquote[data-secret=\"'+t.secret+'\"]'),c=new RegExp(\"^https?:$\",\"i\"),i=0;i<o.length;i++)o[i].style.display=\"none\";for(i=0;i<a.length;i++)s=a[i],e.source===s.contentWindow&&(s.removeAttribute(\"style\"),\"height\"===t.message?(1e3<(r=parseInt(t.value,10))?r=1e3:~~r<200&&(r=200),s.height=r):\"link\"===t.message&&(r=new URL(s.getAttribute(\"src\")),n=new URL(t.value),c.test(n.protocol))&&n.host===r.host&&l.activeElement===s&&(d.top.location.href=t.value))}},d.addEventListener(\"message\",d.wp.receiveEmbedMessage,!1),l.addEventListener(\"DOMContentLoaded\",function(){for(var e,t,s=l.querySelectorAll(\"iframe.wp-embedded-content\"),r=0;r<s.length;r++)(t=(e=s[r]).getAttribute(\"data-secret\"))||(t=Math.random().toString(36).substring(2,12),e.src+=\"#?secret=\"+t,e.setAttribute(\"data-secret\",t)),e.contentWindow.postMessage({message:\"ready\",secret:t},\"*\")},!1)))}(window,document);\n<\/script>\n","thumbnail_url":"https:\/\/permbledhja.com\/wp-content\/uploads\/2023\/10\/konjufca-1.jpg","thumbnail_width":1600,"thumbnail_height":1066,"description":"Kryetari i Kuvendit t\u00eb Kosov\u00ebs, Glauk Konjufca, n\u00eb kuad\u00ebr t\u00eb vizit\u00ebs s\u00eb tij n\u00eb Gjermani \u00ebsht\u00eb takuar me Anton Hofreiter, Kryetarin e Komisionit p\u00ebr \u00c7\u00ebshtjet Evropiane n\u00eb Bundestagun Gjerman. Ai ka njoftuar se me an\u00ebtar\u00eb t\u00eb tjer\u00eb t\u00eb k\u00ebtij komisioni pat\u00ebn mund\u00ebsi t\u00eb shk\u00ebmbenim perspektivat rreth \u00e7\u00ebshtjeve t\u00eb interesit t\u00eb p\u00ebrbashk\u00ebt. \u201cZ. Hofreiter e fal\u00ebnderova [&hellip;]"}