{"version":"1.0","provider_name":"Ve\u00e7 artikuj p\u00ebrmbledh\u00ebs","provider_url":"https:\/\/permbledhja.com\/sq","author_name":"P\u00ebrmbledhja","author_url":"https:\/\/permbledhja.com\/sq\/author\/admin\/","title":"Futbollisti i Gjilanit humbet sezonin","type":"rich","width":600,"height":338,"html":"<blockquote class=\"wp-embedded-content\" data-secret=\"QmZbZoVEkM\"><a href=\"https:\/\/permbledhja.com\/sq\/futbollisti-i-gjilanit-humbet-sezonin\/\">Futbollisti i Gjilanit humbet sezonin<\/a><\/blockquote><iframe sandbox=\"allow-scripts\" security=\"restricted\" src=\"https:\/\/permbledhja.com\/sq\/futbollisti-i-gjilanit-humbet-sezonin\/embed\/#?secret=QmZbZoVEkM\" width=\"600\" height=\"338\" title=\"\u201cFutbollisti i Gjilanit humbet sezonin\u201d &#8212; Ve\u00e7 artikuj p\u00ebrmbledh\u00ebs\" data-secret=\"QmZbZoVEkM\" frameborder=\"0\" marginwidth=\"0\" marginheight=\"0\" scrolling=\"no\" class=\"wp-embedded-content\"><\/iframe><script>\n\/*! This file is auto-generated *\/\n!function(d,l){\"use strict\";l.querySelector&&d.addEventListener&&\"undefined\"!=typeof URL&&(d.wp=d.wp||{},d.wp.receiveEmbedMessage||(d.wp.receiveEmbedMessage=function(e){var t=e.data;if((t||t.secret||t.message||t.value)&&!\/[^a-zA-Z0-9]\/.test(t.secret)){for(var s,r,n,a=l.querySelectorAll('iframe[data-secret=\"'+t.secret+'\"]'),o=l.querySelectorAll('blockquote[data-secret=\"'+t.secret+'\"]'),c=new RegExp(\"^https?:$\",\"i\"),i=0;i<o.length;i++)o[i].style.display=\"none\";for(i=0;i<a.length;i++)s=a[i],e.source===s.contentWindow&&(s.removeAttribute(\"style\"),\"height\"===t.message?(1e3<(r=parseInt(t.value,10))?r=1e3:~~r<200&&(r=200),s.height=r):\"link\"===t.message&&(r=new URL(s.getAttribute(\"src\")),n=new URL(t.value),c.test(n.protocol))&&n.host===r.host&&l.activeElement===s&&(d.top.location.href=t.value))}},d.addEventListener(\"message\",d.wp.receiveEmbedMessage,!1),l.addEventListener(\"DOMContentLoaded\",function(){for(var e,t,s=l.querySelectorAll(\"iframe.wp-embedded-content\"),r=0;r<s.length;r++)(t=(e=s[r]).getAttribute(\"data-secret\"))||(t=Math.random().toString(36).substring(2,12),e.src+=\"#?secret=\"+t,e.setAttribute(\"data-secret\",t)),e.contentWindow.postMessage({message:\"ready\",secret:t},\"*\")},!1)))}(window,document);\n<\/script>\n","thumbnail_url":"https:\/\/permbledhja.com\/wp-content\/uploads\/2026\/02\/639005377_920453937342113_7983269249457289462_n.png","thumbnail_width":2048,"thumbnail_height":1281,"description":"Sport Club Gjilani ka njoftuar se futbollisti Hamdi Namani ka p\u00ebsuar l\u00ebndim n\u00eb regjionin e gjurit gjat\u00eb ndeshjes kampionale ndaj FC Prishtina. Pas kontrolleve dhe ekzaminimeve t\u00eb detajuara mjek\u00ebsore, \u00ebsht\u00eb konfirmuar se lojtari ka p\u00ebsuar ruptur\u00eb t\u00eb ligamentit medial kolateral (MCL), d\u00ebmtim q\u00eb k\u00ebrkon trajtim t\u00eb specializuar dhe periudh\u00eb rehabilitimi sipas protokolleve p\u00ebrkat\u00ebse mjek\u00ebsore. Si [&hellip;]"}